{"id":3376,"date":"2025-01-31T11:02:16","date_gmt":"2025-01-31T10:02:16","guid":{"rendered":"https:\/\/98361-towerhotelbologna.tempwebsite.it\/hotel\/das-personal\/"},"modified":"2026-01-15T15:01:54","modified_gmt":"2026-01-15T14:01:54","slug":"das-personal","status":"publish","type":"page","link":"https:\/\/www.towerhotelbologna.com\/de\/hotel\/das-personal\/","title":{"rendered":"Das Personal"},"content":{"rendered":"\t\t<div data-elementor-type=\"wp-page\" data-elementor-id=\"3376\" class=\"elementor elementor-3376 elementor-1325\" data-elementor-post-type=\"page\">\n\t\t\t\t<div class=\"elementor-element elementor-element-039c4d8 e-flex e-con-boxed e-con e-parent\" data-id=\"039c4d8\" data-element_type=\"container\" data-e-type=\"container\" data-settings=\"{&quot;background_background&quot;:&quot;classic&quot;,&quot;shape_divider_bottom&quot;:&quot;curve&quot;}\">\n\t\t\t\t\t<div class=\"e-con-inner\">\n\t\t\t\t<div class=\"elementor-shape elementor-shape-bottom\" aria-hidden=\"true\" data-negative=\"false\">\n\t\t\t<svg xmlns=\"http:\/\/www.w3.org\/2000\/svg\" viewBox=\"0 0 1000 100\" preserveAspectRatio=\"none\">\n    <path class=\"elementor-shape-fill\" d=\"M1000,4.3V0H0v4.3C0.9,23.1,126.7,99.2,500,100S1000,22.7,1000,4.3z\"\/>\n<\/svg>\t\t<\/div>\n\t\t\t\t\t<\/div>\n\t\t\t\t<\/div>\n\t\t<div class=\"elementor-element elementor-element-eae2b7d e-flex e-con-boxed e-con e-parent\" data-id=\"eae2b7d\" data-element_type=\"container\" data-e-type=\"container\">\n\t\t\t\t\t<div class=\"e-con-inner\">\n\t\t\t\t<div class=\"elementor-element elementor-element-26454c1 elementor-widget elementor-widget-heading\" data-id=\"26454c1\" data-element_type=\"widget\" data-e-type=\"widget\" data-widget_type=\"heading.default\">\n\t\t\t\t<div class=\"elementor-widget-container\">\n\t\t\t\t\t<h1 class=\"elementor-heading-title elementor-size-default\">Das Personal<\/h1>\t\t\t\t<\/div>\n\t\t\t\t<\/div>\n\t\t\t\t<div class=\"elementor-element elementor-element-c8e5160 elementor-widget elementor-widget-heading\" data-id=\"c8e5160\" data-element_type=\"widget\" data-e-type=\"widget\" data-widget_type=\"heading.default\">\n\t\t\t\t<div class=\"elementor-widget-container\">\n\t\t\t\t\t<span class=\"elementor-heading-title elementor-size-default\">An Ihrer Seite w\u00e4hrend Ihres Aufenthaltes<\/span>\t\t\t\t<\/div>\n\t\t\t\t<\/div>\n\t\t\t\t<div class=\"elementor-element elementor-element-88f226c elementor-widget-divider--view-line elementor-widget elementor-widget-divider\" data-id=\"88f226c\" data-element_type=\"widget\" data-e-type=\"widget\" data-widget_type=\"divider.default\">\n\t\t\t\t<div class=\"elementor-widget-container\">\n\t\t\t\t\t\t\t<div class=\"elementor-divider\">\n\t\t\t<span class=\"elementor-divider-separator\">\n\t\t\t\t\t\t<\/span>\n\t\t<\/div>\n\t\t\t\t\t\t<\/div>\n\t\t\t\t<\/div>\n\t\t<div class=\"elementor-element elementor-element-f9756f7 e-con-full e-flex e-con e-child\" data-id=\"f9756f7\" data-element_type=\"container\" data-e-type=\"container\">\n\t\t\t\t<div class=\"elementor-element elementor-element-4537786 elementor-widget elementor-widget-text-editor\" data-id=\"4537786\" data-element_type=\"widget\" data-e-type=\"widget\" data-widget_type=\"text-editor.default\">\n\t\t\t\t<div class=\"elementor-widget-container\">\n\t\t\t\t\t\t\t\t\t<p>Unsere Mitarbeiter, <strong>die wirkliche St\u00e4rke unseres Gastbetriebs<\/strong>, tun alles, damit Sie sich wie zu Hause f\u00fchlen und geben Ihnen alle Informationen, um einen unvergesslichen Urlaub voller Herzlichkeit zu organisieren.<\/p>\n<p>Schon bei Ihrer Ankunft helfen <strong>wir Ihnen gerne weiter, geben Ihnen Tipps und tun alles<\/strong>, damit Sie sich wie zu Hause f\u00fchlen. Bekannte Gesichter mit einem L\u00e4cheln auf den Lippen, die sich seit Jahren um unsere G\u00e4ste k\u00fcmmern, die aus aller Welt anreisen. <\/p>\n<p>Eine Leidenschaft, die sich in jedem Handgriff und in jeder kleinen Aufmerksamkeit zeigt.<\/p>\n\t\t\t\t\t\t\t\t<\/div>\n\t\t\t\t<\/div>\n\t\t\t\t<\/div>\n\t\t\t\t\t<\/div>\n\t\t\t\t<\/div>\n\t\t<div class=\"elementor-element elementor-element-4458b82 e-flex e-con-boxed e-con e-parent\" data-id=\"4458b82\" data-element_type=\"container\" data-e-type=\"container\">\n\t\t\t\t\t<div class=\"e-con-inner\">\n\t\t<div class=\"elementor-element elementor-element-3265e71 e-con-full e-flex elementor-invisible e-con e-child\" data-id=\"3265e71\" data-element_type=\"container\" data-e-type=\"container\" data-settings=\"{&quot;motion_fx_motion_fx_scrolling&quot;:&quot;yes&quot;,&quot;animation&quot;:&quot;fadeInLeft&quot;,&quot;animation_mobile&quot;:&quot;none&quot;,&quot;background_background&quot;:&quot;classic&quot;,&quot;animation_tablet&quot;:&quot;none&quot;,&quot;motion_fx_devices&quot;:[&quot;desktop&quot;,&quot;tablet&quot;,&quot;mobile&quot;]}\">\n\t\t\t\t<\/div>\n\t\t<div class=\"elementor-element elementor-element-905d83c e-con-full e-flex elementor-invisible e-con e-child\" data-id=\"905d83c\" data-element_type=\"container\" data-e-type=\"container\" data-settings=\"{&quot;background_background&quot;:&quot;classic&quot;,&quot;animation&quot;:&quot;fadeInRight&quot;,&quot;animation_mobile&quot;:&quot;none&quot;,&quot;animation_tablet&quot;:&quot;none&quot;}\">\n\t\t\t\t<div class=\"elementor-element elementor-element-084c535 elementor-widget elementor-widget-heading\" data-id=\"084c535\" data-element_type=\"widget\" data-e-type=\"widget\" data-widget_type=\"heading.default\">\n\t\t\t\t<div class=\"elementor-widget-container\">\n\t\t\t\t\t<h2 class=\"elementor-heading-title elementor-size-default\">Monica Tani \u2013 Resident Manager<\/h2>\t\t\t\t<\/div>\n\t\t\t\t<\/div>\n\t\t\t\t<div class=\"elementor-element elementor-element-14cf331 elementor-widget elementor-widget-text-editor\" data-id=\"14cf331\" data-element_type=\"widget\" data-e-type=\"widget\" data-widget_type=\"text-editor.default\">\n\t\t\t\t<div class=\"elementor-widget-container\">\n\t\t\t\t\t\t\t\t\t<p>Seit Juli 2023 ist Monica Tani f\u00fcr die Leitung und Organisation des Hotels zust\u00e4ndig. Mit einer nachgewiesenen Erfolgsbilanz in der Branche genie\u00dft sie es, jeden Tag als neue Herausforderung zu sehen, unvorhergesehene Probleme zu l\u00f6sen und den bestm\u00f6glichen Service zu gew\u00e4hrleisten. <\/p>\n<p>Sie ist geb\u00fcrtig aus der Romagnola, f\u00fchlt sich mit der Stadt Mailand verbunden und lebt ihre Arbeit mit Leidenschaft und Dynamik, aber in ihrer Freizeit l\u00e4sst sie sich vom Rhythmus karibischer T\u00e4nze, der Energie von Konzerten und der Magie des Kinos mitrei\u00dfen. Dazu ein guter Gin Tonic und die Gesellschaft derer, die ihr am n\u00e4chsten stehen. <\/p>\n\t\t\t\t\t\t\t\t<\/div>\n\t\t\t\t<\/div>\n\t\t\t\t<\/div>\n\t\t\t\t\t<\/div>\n\t\t\t\t<\/div>\n\t\t<div class=\"elementor-element elementor-element-9b45970 e-flex e-con-boxed e-con e-parent\" data-id=\"9b45970\" data-element_type=\"container\" data-e-type=\"container\">\n\t\t\t\t\t<div class=\"e-con-inner\">\n\t\t<div class=\"elementor-element elementor-element-1508fbc e-con-full e-flex elementor-invisible e-con e-child\" data-id=\"1508fbc\" data-element_type=\"container\" data-e-type=\"container\" data-settings=\"{&quot;background_background&quot;:&quot;classic&quot;,&quot;animation&quot;:&quot;fadeInLeft&quot;,&quot;animation_mobile&quot;:&quot;none&quot;,&quot;animation_tablet&quot;:&quot;none&quot;}\">\n\t\t\t\t<div class=\"elementor-element elementor-element-0231ad1 elementor-widget elementor-widget-heading\" data-id=\"0231ad1\" data-element_type=\"widget\" data-e-type=\"widget\" data-widget_type=\"heading.default\">\n\t\t\t\t<div class=\"elementor-widget-container\">\n\t\t\t\t\t<h2 class=\"elementor-heading-title elementor-size-default\">Giuseppe Simone \u2013 Kellner<\/h2>\t\t\t\t<\/div>\n\t\t\t\t<\/div>\n\t\t\t\t<div class=\"elementor-element elementor-element-c7a06da elementor-widget elementor-widget-text-editor\" data-id=\"c7a06da\" data-element_type=\"widget\" data-e-type=\"widget\" data-widget_type=\"text-editor.default\">\n\t\t\t\t<div class=\"elementor-widget-container\">\n\t\t\t\t\t\t\t\t\t<p>Seit Januar 2019 bringt Giuseppe Enthusiasmus und Professionalit\u00e4t in den Service ein und sch\u00e4tzt die Dynamik seiner Arbeit und die t\u00e4gliche Interaktion mit den G\u00e4sten. F\u00fcr ihn ist die Gastfreundschaft eine Kunst der Aufmerksamkeit und der Leidenschaft. <\/p>\n<p>Er ist geb\u00fcrtiger Apulier, f\u00fchlt sich seiner neuen Heimatstadt Bologna verbunden und liebt alles, was mit der Welt der Kunst und der Geselligkeit zu tun hat. In seiner Freizeit widmet er sich dem Theater, dem Buraco und dem Bingo, drei Leidenschaften, die seinen lebhaften Geist und seine Lust auf Gesellschaft widerspiegeln. <\/p>\n\t\t\t\t\t\t\t\t<\/div>\n\t\t\t\t<\/div>\n\t\t\t\t<\/div>\n\t\t<div class=\"elementor-element elementor-element-2b23c9d e-con-full e-flex elementor-invisible e-con e-child\" data-id=\"2b23c9d\" data-element_type=\"container\" data-e-type=\"container\" data-settings=\"{&quot;motion_fx_motion_fx_scrolling&quot;:&quot;yes&quot;,&quot;animation&quot;:&quot;fadeInRight&quot;,&quot;animation_mobile&quot;:&quot;none&quot;,&quot;background_background&quot;:&quot;classic&quot;,&quot;animation_tablet&quot;:&quot;none&quot;,&quot;motion_fx_devices&quot;:[&quot;desktop&quot;,&quot;tablet&quot;,&quot;mobile&quot;]}\">\n\t\t\t\t<\/div>\n\t\t\t\t\t<\/div>\n\t\t\t\t<\/div>\n\t\t<div class=\"elementor-element elementor-element-0c1ee36 e-flex e-con-boxed e-con e-parent\" data-id=\"0c1ee36\" data-element_type=\"container\" data-e-type=\"container\">\n\t\t\t\t\t<div class=\"e-con-inner\">\n\t\t<div class=\"elementor-element elementor-element-241dbbf e-con-full e-flex elementor-invisible e-con e-child\" data-id=\"241dbbf\" data-element_type=\"container\" data-e-type=\"container\" data-settings=\"{&quot;motion_fx_motion_fx_scrolling&quot;:&quot;yes&quot;,&quot;animation&quot;:&quot;fadeInLeft&quot;,&quot;animation_mobile&quot;:&quot;none&quot;,&quot;background_background&quot;:&quot;classic&quot;,&quot;animation_tablet&quot;:&quot;none&quot;,&quot;motion_fx_devices&quot;:[&quot;desktop&quot;,&quot;tablet&quot;,&quot;mobile&quot;]}\">\n\t\t\t\t<\/div>\n\t\t<div class=\"elementor-element elementor-element-d02b95f e-con-full e-flex elementor-invisible e-con e-child\" data-id=\"d02b95f\" data-element_type=\"container\" data-e-type=\"container\" data-settings=\"{&quot;background_background&quot;:&quot;classic&quot;,&quot;animation&quot;:&quot;fadeInRight&quot;,&quot;animation_mobile&quot;:&quot;none&quot;,&quot;animation_tablet&quot;:&quot;none&quot;}\">\n\t\t\t\t<div class=\"elementor-element elementor-element-095449f elementor-widget elementor-widget-heading\" data-id=\"095449f\" data-element_type=\"widget\" data-e-type=\"widget\" data-widget_type=\"heading.default\">\n\t\t\t\t<div class=\"elementor-widget-container\">\n\t\t\t\t\t<h2 class=\"elementor-heading-title elementor-size-default\">Mariella De Vecchis \u2013 Front Office Agent<\/h2>\t\t\t\t<\/div>\n\t\t\t\t<\/div>\n\t\t\t\t<div class=\"elementor-element elementor-element-a15290f elementor-widget elementor-widget-text-editor\" data-id=\"a15290f\" data-element_type=\"widget\" data-e-type=\"widget\" data-widget_type=\"text-editor.default\">\n\t\t\t\t<div class=\"elementor-widget-container\">\n\t\t\t\t\t\t\t\t\t<p>Seit 2016 empf\u00e4ngt Mariella ihre G\u00e4ste mit Energie und Leidenschaft und findet die wahre Sch\u00f6nheit ihrer Arbeit in der Vielfalt der Menschen, denen sie jeden Tag begegnet. Routine ist f\u00fcr sie eine Einschr\u00e4nkung, die es zu \u00fcberwinden gilt, denn sie liebt Dynamik und Freiheit. <\/p>\n<p>Au\u00dferhalb der Arbeit verbringt sie ihre Zeit mit Shopping, Sport und Kochen &#8211; drei Leidenschaften, die ihren aktiven und kreativen Geist widerspiegeln. Mariella ist immer in Bewegung und verk\u00f6rpert die perfekte Mischung aus Entschlossenheit und dem Wunsch, jeden Tag in vollen Z\u00fcgen zu genie\u00dfen. <\/p>\n\t\t\t\t\t\t\t\t<\/div>\n\t\t\t\t<\/div>\n\t\t\t\t<\/div>\n\t\t\t\t\t<\/div>\n\t\t\t\t<\/div>\n\t\t<div class=\"elementor-element elementor-element-076f714 e-flex e-con-boxed e-con e-parent\" data-id=\"076f714\" data-element_type=\"container\" data-e-type=\"container\">\n\t\t\t\t\t<div class=\"e-con-inner\">\n\t\t<div class=\"elementor-element elementor-element-70447c0 e-con-full e-flex elementor-invisible e-con e-child\" data-id=\"70447c0\" data-element_type=\"container\" data-e-type=\"container\" data-settings=\"{&quot;background_background&quot;:&quot;classic&quot;,&quot;animation&quot;:&quot;fadeInLeft&quot;,&quot;animation_mobile&quot;:&quot;none&quot;,&quot;animation_tablet&quot;:&quot;none&quot;}\">\n\t\t\t\t<div class=\"elementor-element elementor-element-1c52ecd elementor-widget elementor-widget-heading\" data-id=\"1c52ecd\" data-element_type=\"widget\" data-e-type=\"widget\" data-widget_type=\"heading.default\">\n\t\t\t\t<div class=\"elementor-widget-container\">\n\t\t\t\t\t<h2 class=\"elementor-heading-title elementor-size-default\">Giulia Garato \u2013 Events Coordinator<\/h2>\t\t\t\t<\/div>\n\t\t\t\t<\/div>\n\t\t\t\t<div class=\"elementor-element elementor-element-833081d elementor-widget elementor-widget-text-editor\" data-id=\"833081d\" data-element_type=\"widget\" data-e-type=\"widget\" data-widget_type=\"text-editor.default\">\n\t\t\t\t<div class=\"elementor-widget-container\">\n\t\t\t\t\t\t\t\t\t<p>Seit 2016 k\u00fcmmert sich Giulia mit Freude um jedes Detail der Veranstaltungsorganisation, von der Planung bis zur Durchf\u00fchrung, mit einem Ziel: unvergessliche Erlebnisse zu schaffen. Nichts bedeutet Ihr mehr, als die Freude in den Augen der Teilnehmer einer gelungenen Veranstaltung zu sehen. <\/p>\n<p>Als leidenschaftliche Naturliebhaberin findet sie ihr Gleichgewicht zwischen der Hektik der Stadt und der Ruhe unber\u00fchrter Landschaften. Trekking und lange Spazierg\u00e4nge auf Wanderwegen sind ihre Art dem Alltag zu entfliehen, und wann immer sie kann, macht sie sich auf an die Ufer des Gardasees. <\/p>\n\t\t\t\t\t\t\t\t<\/div>\n\t\t\t\t<\/div>\n\t\t\t\t<\/div>\n\t\t<div class=\"elementor-element elementor-element-6a42e9e e-con-full e-flex elementor-invisible e-con e-child\" data-id=\"6a42e9e\" data-element_type=\"container\" data-e-type=\"container\" data-settings=\"{&quot;motion_fx_motion_fx_scrolling&quot;:&quot;yes&quot;,&quot;animation&quot;:&quot;fadeInRight&quot;,&quot;animation_mobile&quot;:&quot;none&quot;,&quot;background_background&quot;:&quot;classic&quot;,&quot;animation_tablet&quot;:&quot;none&quot;,&quot;motion_fx_devices&quot;:[&quot;desktop&quot;,&quot;tablet&quot;,&quot;mobile&quot;]}\">\n\t\t\t\t<\/div>\n\t\t\t\t\t<\/div>\n\t\t\t\t<\/div>\n\t\t<div class=\"elementor-element elementor-element-28adbf5 e-flex e-con-boxed e-con e-parent\" data-id=\"28adbf5\" data-element_type=\"container\" data-e-type=\"container\">\n\t\t\t\t\t<div class=\"e-con-inner\">\n\t\t<div class=\"elementor-element elementor-element-201babc e-con-full e-flex elementor-invisible e-con e-child\" data-id=\"201babc\" data-element_type=\"container\" data-e-type=\"container\" data-settings=\"{&quot;motion_fx_motion_fx_scrolling&quot;:&quot;yes&quot;,&quot;animation&quot;:&quot;fadeInLeft&quot;,&quot;animation_mobile&quot;:&quot;none&quot;,&quot;background_background&quot;:&quot;classic&quot;,&quot;animation_tablet&quot;:&quot;none&quot;,&quot;motion_fx_devices&quot;:[&quot;desktop&quot;,&quot;tablet&quot;,&quot;mobile&quot;]}\">\n\t\t\t\t<\/div>\n\t\t<div class=\"elementor-element elementor-element-9cf06d2 e-con-full e-flex elementor-invisible e-con e-child\" data-id=\"9cf06d2\" data-element_type=\"container\" data-e-type=\"container\" data-settings=\"{&quot;background_background&quot;:&quot;classic&quot;,&quot;animation&quot;:&quot;fadeInRight&quot;,&quot;animation_mobile&quot;:&quot;none&quot;,&quot;animation_tablet&quot;:&quot;none&quot;}\">\n\t\t\t\t<div class=\"elementor-element elementor-element-b38ba81 elementor-widget elementor-widget-heading\" data-id=\"b38ba81\" data-element_type=\"widget\" data-e-type=\"widget\" data-widget_type=\"heading.default\">\n\t\t\t\t<div class=\"elementor-widget-container\">\n\t\t\t\t\t<h2 class=\"elementor-heading-title elementor-size-default\">Vincenzo Ruggieri \u2013 K\u00fcchenchef<\/h2>\t\t\t\t<\/div>\n\t\t\t\t<\/div>\n\t\t\t\t<div class=\"elementor-element elementor-element-b491833 elementor-widget elementor-widget-text-editor\" data-id=\"b491833\" data-element_type=\"widget\" data-e-type=\"widget\" data-widget_type=\"text-editor.default\">\n\t\t\t\t<div class=\"elementor-widget-container\">\n\t\t\t\t\t\t\t\t\t<p>Seit 2019 bringt Vincenzo seine Leidenschaft f\u00fcr Rohstoffe und seine Kreativit\u00e4t bei der Kreation neuer Gerichte in die K\u00fcche ein. F\u00fcr ihn ist jedes Rezept eine Reise durch Aromen und Erfahrungen, ein Weg zur Innovation, ohne die Wurzeln der Tradition zu vergessen. <\/p>\n<p>Da er in einer Gastronomenfamilie aufwuchs, wurde ihm die Liebe zum Kochen in die Wiege gelegt. Seine Karriere f\u00fchrte ihn auf Reisen in Italien und im Ausland, wo er seine Techniken verfeinerte und seine Kenntnisse der gastronomischen Welt vertiefte. In seiner Freizeit geht er gerne auf Entdeckungsreise, treibt Trekking, Sport und erlebt neue kulinarische Abenteuer.  <\/p>\n\t\t\t\t\t\t\t\t<\/div>\n\t\t\t\t<\/div>\n\t\t\t\t<\/div>\n\t\t\t\t\t<\/div>\n\t\t\t\t<\/div>\n\t\t<div class=\"elementor-element elementor-element-0ef1655 e-flex e-con-boxed e-con e-parent\" data-id=\"0ef1655\" data-element_type=\"container\" data-e-type=\"container\">\n\t\t\t\t\t<div class=\"e-con-inner\">\n\t\t<div class=\"elementor-element elementor-element-f704447 e-con-full e-flex elementor-invisible e-con e-child\" data-id=\"f704447\" data-element_type=\"container\" data-e-type=\"container\" data-settings=\"{&quot;background_background&quot;:&quot;classic&quot;,&quot;animation&quot;:&quot;fadeInLeft&quot;,&quot;animation_mobile&quot;:&quot;none&quot;,&quot;animation_tablet&quot;:&quot;none&quot;}\">\n\t\t\t\t<div class=\"elementor-element elementor-element-5da13d4 elementor-widget elementor-widget-heading\" data-id=\"5da13d4\" data-element_type=\"widget\" data-e-type=\"widget\" data-widget_type=\"heading.default\">\n\t\t\t\t<div class=\"elementor-widget-container\">\n\t\t\t\t\t<h2 class=\"elementor-heading-title elementor-size-default\">Ferdinand Ahmeti \u2013 Kellner<\/h2>\t\t\t\t<\/div>\n\t\t\t\t<\/div>\n\t\t\t\t<div class=\"elementor-element elementor-element-1c6a5f6 elementor-widget elementor-widget-text-editor\" data-id=\"1c6a5f6\" data-element_type=\"widget\" data-e-type=\"widget\" data-widget_type=\"text-editor.default\">\n\t\t\t\t<div class=\"elementor-widget-container\">\n\t\t\t\t\t\t\t\t\t<p>Ferdinand ist seit Mai 2024 im Team und begegnet jedem Tag mit Begeisterung und dem Wunsch zu lernen. Er liebt den Kundenkontakt und sieht jede Erfahrung als Wachstumschance. <\/p>\n<p>Urspr\u00fcnglich aus Albanien stammend, lebt er seit f\u00fcnf Jahren in Italien. Im Herzen tr\u00e4gt er eine besondere Liebe zum Meer und damit verbunden, zum Wassersport, insbesondere Skijet ist seine Leidenschaft. Sein Traum? Ein Leben am Meer, mit Sonne, Wellen und neuen Abenteuern, die es zu entdecken gilt.  <\/p>\n\t\t\t\t\t\t\t\t<\/div>\n\t\t\t\t<\/div>\n\t\t\t\t<\/div>\n\t\t<div class=\"elementor-element elementor-element-f8f3ab7 e-con-full e-flex elementor-invisible e-con e-child\" data-id=\"f8f3ab7\" data-element_type=\"container\" data-e-type=\"container\" data-settings=\"{&quot;motion_fx_motion_fx_scrolling&quot;:&quot;yes&quot;,&quot;animation&quot;:&quot;fadeInRight&quot;,&quot;animation_mobile&quot;:&quot;none&quot;,&quot;background_background&quot;:&quot;classic&quot;,&quot;animation_tablet&quot;:&quot;none&quot;,&quot;motion_fx_devices&quot;:[&quot;desktop&quot;,&quot;tablet&quot;,&quot;mobile&quot;]}\">\n\t\t\t\t<\/div>\n\t\t\t\t\t<\/div>\n\t\t\t\t<\/div>\n\t\t<div class=\"elementor-element elementor-element-21c2a28 e-flex e-con-boxed e-con e-parent\" data-id=\"21c2a28\" data-element_type=\"container\" data-e-type=\"container\">\n\t\t\t\t\t<div class=\"e-con-inner\">\n\t\t<div class=\"elementor-element elementor-element-6c29beb e-con-full e-flex elementor-invisible e-con e-child\" data-id=\"6c29beb\" data-element_type=\"container\" data-e-type=\"container\" data-settings=\"{&quot;motion_fx_motion_fx_scrolling&quot;:&quot;yes&quot;,&quot;animation&quot;:&quot;fadeInLeft&quot;,&quot;animation_mobile&quot;:&quot;none&quot;,&quot;background_background&quot;:&quot;classic&quot;,&quot;animation_tablet&quot;:&quot;none&quot;,&quot;motion_fx_devices&quot;:[&quot;desktop&quot;,&quot;tablet&quot;,&quot;mobile&quot;]}\">\n\t\t\t\t<\/div>\n\t\t<div class=\"elementor-element elementor-element-b3f517f e-con-full e-flex elementor-invisible e-con e-child\" data-id=\"b3f517f\" data-element_type=\"container\" data-e-type=\"container\" data-settings=\"{&quot;background_background&quot;:&quot;classic&quot;,&quot;animation&quot;:&quot;fadeInRight&quot;,&quot;animation_mobile&quot;:&quot;none&quot;,&quot;animation_tablet&quot;:&quot;none&quot;}\">\n\t\t\t\t<div class=\"elementor-element elementor-element-fa87984 elementor-widget elementor-widget-heading\" data-id=\"fa87984\" data-element_type=\"widget\" data-e-type=\"widget\" data-widget_type=\"heading.default\">\n\t\t\t\t<div class=\"elementor-widget-container\">\n\t\t\t\t\t<h2 class=\"elementor-heading-title elementor-size-default\">Alima Konate \u2013 Kellnerin<\/h2>\t\t\t\t<\/div>\n\t\t\t\t<\/div>\n\t\t\t\t<div class=\"elementor-element elementor-element-883ea78 elementor-widget elementor-widget-text-editor\" data-id=\"883ea78\" data-element_type=\"widget\" data-e-type=\"widget\" data-widget_type=\"text-editor.default\">\n\t\t\t\t<div class=\"elementor-widget-container\">\n\t\t\t\t\t\t\t\t\t<p>Alima, die im Juli 2023 Teil des Teams geworden ist, bringt ein L\u00e4cheln und viel Energie mit und freut sich \u00fcber jede Gelegenheit, mit Menschen in Kontakt zu treten und ihre Sprache zu verbessern.<\/p>\n<p>Sie stammt urspr\u00fcnglich von der Elfenbeink\u00fcste, ist verheiratet und Mutter von zwei Kindern, die sie als ihre gr\u00f6\u00dfte Leidenschaft betrachtet. Mit ihrem entschlossenen und sonnigen Charakter steht Alima jeder Herausforderung positiv gegen\u00fcber und stellt ihre Familie in den Mittelpunkt ihres Lebens. <\/p>\n\t\t\t\t\t\t\t\t<\/div>\n\t\t\t\t<\/div>\n\t\t\t\t<\/div>\n\t\t\t\t\t<\/div>\n\t\t\t\t<\/div>\n\t\t<div class=\"elementor-element elementor-element-9030edb e-flex e-con-boxed e-con e-parent\" data-id=\"9030edb\" data-element_type=\"container\" data-e-type=\"container\">\n\t\t\t\t\t<div class=\"e-con-inner\">\n\t\t<div class=\"elementor-element elementor-element-6b18c26 e-con-full e-flex elementor-invisible e-con e-child\" data-id=\"6b18c26\" data-element_type=\"container\" data-e-type=\"container\" data-settings=\"{&quot;background_background&quot;:&quot;classic&quot;,&quot;animation&quot;:&quot;fadeInLeft&quot;,&quot;animation_mobile&quot;:&quot;none&quot;,&quot;animation_tablet&quot;:&quot;none&quot;}\">\n\t\t\t\t<div class=\"elementor-element elementor-element-b6300e9 elementor-widget elementor-widget-heading\" data-id=\"b6300e9\" data-element_type=\"widget\" data-e-type=\"widget\" data-widget_type=\"heading.default\">\n\t\t\t\t<div class=\"elementor-widget-container\">\n\t\t\t\t\t<h2 class=\"elementor-heading-title elementor-size-default\">Filippo Lusoli \u2013 Front Office Agent<\/h2>\t\t\t\t<\/div>\n\t\t\t\t<\/div>\n\t\t\t\t<div class=\"elementor-element elementor-element-046595b elementor-widget elementor-widget-text-editor\" data-id=\"046595b\" data-element_type=\"widget\" data-e-type=\"widget\" data-widget_type=\"text-editor.default\">\n\t\t\t\t<div class=\"elementor-widget-container\">\n\t\t\t\t\t\t\t\t\t<p>Filippo, der im Dezember 2023 Teil des Teams geworden ist, sch\u00e4tzt die Vielseitigkeit seiner Aufgabe, die es ihm erm\u00f6glicht, mit Menschen aus verschiedenen Kulturen in Kontakt zu kommen und dabei die Sprachen zu verwenden, die er gelernt hat.<\/p>\n<p>In seiner Freizeit widmet sich Filippo vor allem der Musik, seiner gr\u00f6\u00dften Leidenschaft, und erkundet verschiedene Genres und Formen. Er ist auch ein Liebhaber von Kunstausstellungen und Kinos, die er flei\u00dfig besucht, um seine Kreativit\u00e4t zu f\u00f6rdern. Au\u00dferdem schreibt er gerne Romane, was seiner angeborenen intellektuellen Neugierde eine neue Dimension verleiht.  <\/p>\n\t\t\t\t\t\t\t\t<\/div>\n\t\t\t\t<\/div>\n\t\t\t\t<\/div>\n\t\t<div class=\"elementor-element elementor-element-18705b5 e-con-full e-flex elementor-invisible e-con e-child\" data-id=\"18705b5\" data-element_type=\"container\" data-e-type=\"container\" data-settings=\"{&quot;motion_fx_motion_fx_scrolling&quot;:&quot;yes&quot;,&quot;animation&quot;:&quot;fadeInRight&quot;,&quot;animation_mobile&quot;:&quot;none&quot;,&quot;background_background&quot;:&quot;classic&quot;,&quot;animation_tablet&quot;:&quot;none&quot;,&quot;motion_fx_devices&quot;:[&quot;desktop&quot;,&quot;tablet&quot;,&quot;mobile&quot;]}\">\n\t\t\t\t<\/div>\n\t\t\t\t\t<\/div>\n\t\t\t\t<\/div>\n\t\t\t\t<\/div>\n\t\t","protected":false},"excerpt":{"rendered":"<p>Das Personal An Ihrer Seite w\u00e4hrend Ihres Aufenthaltes Unsere Mitarbeiter, die wirkliche St\u00e4rke unseres Gastbetriebs, tun alles, damit Sie sich wie zu Hause f\u00fchlen und geben Ihnen alle Informationen, um einen unvergesslichen Urlaub voller Herzlichkeit zu organisieren. Schon bei Ihrer Ankunft helfen wir Ihnen gerne weiter, geben Ihnen Tipps und tun alles, damit Sie sich [&hellip;]<\/p>\n","protected":false},"author":6,"featured_media":2906,"parent":3368,"menu_order":0,"comment_status":"closed","ping_status":"closed","template":"","meta":{"footnotes":""},"class_list":["post-3376","page","type-page","status-publish","has-post-thumbnail","hentry"],"yoast_head":"<!-- This site is optimized with the Yoast SEO plugin v27.3 - https:\/\/yoast.com\/product\/yoast-seo-wordpress\/ -->\n<title>Das Personal des BW Plus Tower Hotels: unser Willkommen in Bologna<\/title>\n<meta name=\"description\" content=\"Das Team ist das Herz unserer Gastfreundschaft: Ein L\u00e4cheln und H\u00f6flichkeit erwarten Sie in unserem 4-Sterne-Hotel in Bologna. Wir erwarten Sie f\u00fcr einen Top-Aufenthalt!\" \/>\n<meta name=\"robots\" content=\"index, follow, max-snippet:-1, max-image-preview:large, max-video-preview:-1\" \/>\n<link rel=\"canonical\" href=\"https:\/\/www.towerhotelbologna.com\/de\/hotel\/das-personal\/\" \/>\n<meta property=\"og:locale\" content=\"de_DE\" \/>\n<meta property=\"og:type\" content=\"article\" \/>\n<meta property=\"og:title\" content=\"Das Personal des BW Plus Tower Hotels: unser Willkommen in Bologna\" \/>\n<meta property=\"og:description\" content=\"Das Team ist das Herz unserer Gastfreundschaft: Ein L\u00e4cheln und H\u00f6flichkeit erwarten Sie in unserem 4-Sterne-Hotel in Bologna. Wir erwarten Sie f\u00fcr einen Top-Aufenthalt!\" \/>\n<meta property=\"og:url\" content=\"https:\/\/www.towerhotelbologna.com\/de\/hotel\/das-personal\/\" \/>\n<meta property=\"og:site_name\" content=\"98361 Tower Hotel Bologna\" \/>\n<meta property=\"article:modified_time\" content=\"2026-01-15T14:01:54+00:00\" \/>\n<meta property=\"og:image\" content=\"https:\/\/www.towerhotelbologna.com\/wp-content\/uploads\/sites\/107\/2025\/01\/staff.webp\" \/>\n\t<meta property=\"og:image:width\" content=\"1920\" \/>\n\t<meta property=\"og:image:height\" content=\"1280\" \/>\n\t<meta property=\"og:image:type\" content=\"image\/webp\" \/>\n<meta name=\"twitter:card\" content=\"summary_large_image\" \/>\n<meta name=\"twitter:label1\" content=\"Gesch\u00e4tzte Lesezeit\" \/>\n\t<meta name=\"twitter:data1\" content=\"5\u00a0Minuten\" \/>\n<script type=\"application\/ld+json\" class=\"yoast-schema-graph\">{\"@context\":\"https:\\\/\\\/schema.org\",\"@graph\":[{\"@type\":\"WebPage\",\"@id\":\"https:\\\/\\\/www.towerhotelbologna.com\\\/de\\\/hotel\\\/das-personal\\\/\",\"url\":\"https:\\\/\\\/www.towerhotelbologna.com\\\/de\\\/hotel\\\/das-personal\\\/\",\"name\":\"Das Personal des BW Plus Tower Hotels: unser Willkommen in Bologna\",\"isPartOf\":{\"@id\":\"https:\\\/\\\/www.towerhotelbologna.com\\\/de\\\/#website\"},\"primaryImageOfPage\":{\"@id\":\"https:\\\/\\\/www.towerhotelbologna.com\\\/de\\\/hotel\\\/das-personal\\\/#primaryimage\"},\"image\":{\"@id\":\"https:\\\/\\\/www.towerhotelbologna.com\\\/de\\\/hotel\\\/das-personal\\\/#primaryimage\"},\"thumbnailUrl\":\"https:\\\/\\\/www.towerhotelbologna.com\\\/wp-content\\\/uploads\\\/sites\\\/107\\\/2025\\\/01\\\/staff.webp\",\"datePublished\":\"2025-01-31T10:02:16+00:00\",\"dateModified\":\"2026-01-15T14:01:54+00:00\",\"description\":\"Das Team ist das Herz unserer Gastfreundschaft: Ein L\u00e4cheln und H\u00f6flichkeit erwarten Sie in unserem 4-Sterne-Hotel in Bologna. Wir erwarten Sie f\u00fcr einen Top-Aufenthalt!\",\"breadcrumb\":{\"@id\":\"https:\\\/\\\/www.towerhotelbologna.com\\\/de\\\/hotel\\\/das-personal\\\/#breadcrumb\"},\"inLanguage\":\"de\",\"potentialAction\":[{\"@type\":\"ReadAction\",\"target\":[\"https:\\\/\\\/www.towerhotelbologna.com\\\/de\\\/hotel\\\/das-personal\\\/\"]}]},{\"@type\":\"ImageObject\",\"inLanguage\":\"de\",\"@id\":\"https:\\\/\\\/www.towerhotelbologna.com\\\/de\\\/hotel\\\/das-personal\\\/#primaryimage\",\"url\":\"https:\\\/\\\/www.towerhotelbologna.com\\\/wp-content\\\/uploads\\\/sites\\\/107\\\/2025\\\/01\\\/staff.webp\",\"contentUrl\":\"https:\\\/\\\/www.towerhotelbologna.com\\\/wp-content\\\/uploads\\\/sites\\\/107\\\/2025\\\/01\\\/staff.webp\",\"width\":1920,\"height\":1280,\"caption\":\"Team - Tower Hotel Bologna\"},{\"@type\":\"BreadcrumbList\",\"@id\":\"https:\\\/\\\/www.towerhotelbologna.com\\\/de\\\/hotel\\\/das-personal\\\/#breadcrumb\",\"itemListElement\":[{\"@type\":\"ListItem\",\"position\":1,\"name\":\"Home\",\"item\":\"https:\\\/\\\/www.towerhotelbologna.com\\\/de\\\/home\\\/\"},{\"@type\":\"ListItem\",\"position\":2,\"name\":\"Hotel\",\"item\":\"https:\\\/\\\/www.towerhotelbologna.com\\\/de\\\/hotel\\\/\"},{\"@type\":\"ListItem\",\"position\":3,\"name\":\"Das Personal\"}]},{\"@type\":\"WebSite\",\"@id\":\"https:\\\/\\\/www.towerhotelbologna.com\\\/de\\\/#website\",\"url\":\"https:\\\/\\\/www.towerhotelbologna.com\\\/de\\\/\",\"name\":\"98361 Tower Hotel Bologna\",\"description\":\"\",\"publisher\":{\"@id\":\"https:\\\/\\\/www.towerhotelbologna.com\\\/de\\\/#organization\"},\"potentialAction\":[{\"@type\":\"SearchAction\",\"target\":{\"@type\":\"EntryPoint\",\"urlTemplate\":\"https:\\\/\\\/www.towerhotelbologna.com\\\/de\\\/?s={search_term_string}\"},\"query-input\":{\"@type\":\"PropertyValueSpecification\",\"valueRequired\":true,\"valueName\":\"search_term_string\"}}],\"inLanguage\":\"de\"},{\"@type\":\"Organization\",\"@id\":\"https:\\\/\\\/www.towerhotelbologna.com\\\/de\\\/#organization\",\"name\":\"98361 Tower Hotel Bologna\",\"url\":\"https:\\\/\\\/www.towerhotelbologna.com\\\/de\\\/\",\"logo\":{\"@type\":\"ImageObject\",\"inLanguage\":\"de\",\"@id\":\"https:\\\/\\\/www.towerhotelbologna.com\\\/de\\\/#\\\/schema\\\/logo\\\/image\\\/\",\"url\":\"https:\\\/\\\/www.towerhotelbologna.com\\\/wp-content\\\/uploads\\\/sites\\\/107\\\/2024\\\/07\\\/BWPlus.png\",\"contentUrl\":\"https:\\\/\\\/www.towerhotelbologna.com\\\/wp-content\\\/uploads\\\/sites\\\/107\\\/2024\\\/07\\\/BWPlus.png\",\"width\":420,\"height\":191,\"caption\":\"98361 Tower Hotel Bologna\"},\"image\":{\"@id\":\"https:\\\/\\\/www.towerhotelbologna.com\\\/de\\\/#\\\/schema\\\/logo\\\/image\\\/\"}}]}<\/script>\n<!-- \/ Yoast SEO plugin. -->","yoast_head_json":{"title":"Das Personal des BW Plus Tower Hotels: unser Willkommen in Bologna","description":"Das Team ist das Herz unserer Gastfreundschaft: Ein L\u00e4cheln und H\u00f6flichkeit erwarten Sie in unserem 4-Sterne-Hotel in Bologna. Wir erwarten Sie f\u00fcr einen Top-Aufenthalt!","robots":{"index":"index","follow":"follow","max-snippet":"max-snippet:-1","max-image-preview":"max-image-preview:large","max-video-preview":"max-video-preview:-1"},"canonical":"https:\/\/www.towerhotelbologna.com\/de\/hotel\/das-personal\/","og_locale":"de_DE","og_type":"article","og_title":"Das Personal des BW Plus Tower Hotels: unser Willkommen in Bologna","og_description":"Das Team ist das Herz unserer Gastfreundschaft: Ein L\u00e4cheln und H\u00f6flichkeit erwarten Sie in unserem 4-Sterne-Hotel in Bologna. Wir erwarten Sie f\u00fcr einen Top-Aufenthalt!","og_url":"https:\/\/www.towerhotelbologna.com\/de\/hotel\/das-personal\/","og_site_name":"98361 Tower Hotel Bologna","article_modified_time":"2026-01-15T14:01:54+00:00","og_image":[{"width":1920,"height":1280,"url":"https:\/\/www.towerhotelbologna.com\/wp-content\/uploads\/sites\/107\/2025\/01\/staff.webp","type":"image\/webp"}],"twitter_card":"summary_large_image","twitter_misc":{"Gesch\u00e4tzte Lesezeit":"5\u00a0Minuten"},"schema":{"@context":"https:\/\/schema.org","@graph":[{"@type":"WebPage","@id":"https:\/\/www.towerhotelbologna.com\/de\/hotel\/das-personal\/","url":"https:\/\/www.towerhotelbologna.com\/de\/hotel\/das-personal\/","name":"Das Personal des BW Plus Tower Hotels: unser Willkommen in Bologna","isPartOf":{"@id":"https:\/\/www.towerhotelbologna.com\/de\/#website"},"primaryImageOfPage":{"@id":"https:\/\/www.towerhotelbologna.com\/de\/hotel\/das-personal\/#primaryimage"},"image":{"@id":"https:\/\/www.towerhotelbologna.com\/de\/hotel\/das-personal\/#primaryimage"},"thumbnailUrl":"https:\/\/www.towerhotelbologna.com\/wp-content\/uploads\/sites\/107\/2025\/01\/staff.webp","datePublished":"2025-01-31T10:02:16+00:00","dateModified":"2026-01-15T14:01:54+00:00","description":"Das Team ist das Herz unserer Gastfreundschaft: Ein L\u00e4cheln und H\u00f6flichkeit erwarten Sie in unserem 4-Sterne-Hotel in Bologna. Wir erwarten Sie f\u00fcr einen Top-Aufenthalt!","breadcrumb":{"@id":"https:\/\/www.towerhotelbologna.com\/de\/hotel\/das-personal\/#breadcrumb"},"inLanguage":"de","potentialAction":[{"@type":"ReadAction","target":["https:\/\/www.towerhotelbologna.com\/de\/hotel\/das-personal\/"]}]},{"@type":"ImageObject","inLanguage":"de","@id":"https:\/\/www.towerhotelbologna.com\/de\/hotel\/das-personal\/#primaryimage","url":"https:\/\/www.towerhotelbologna.com\/wp-content\/uploads\/sites\/107\/2025\/01\/staff.webp","contentUrl":"https:\/\/www.towerhotelbologna.com\/wp-content\/uploads\/sites\/107\/2025\/01\/staff.webp","width":1920,"height":1280,"caption":"Team - Tower Hotel Bologna"},{"@type":"BreadcrumbList","@id":"https:\/\/www.towerhotelbologna.com\/de\/hotel\/das-personal\/#breadcrumb","itemListElement":[{"@type":"ListItem","position":1,"name":"Home","item":"https:\/\/www.towerhotelbologna.com\/de\/home\/"},{"@type":"ListItem","position":2,"name":"Hotel","item":"https:\/\/www.towerhotelbologna.com\/de\/hotel\/"},{"@type":"ListItem","position":3,"name":"Das Personal"}]},{"@type":"WebSite","@id":"https:\/\/www.towerhotelbologna.com\/de\/#website","url":"https:\/\/www.towerhotelbologna.com\/de\/","name":"98361 Tower Hotel Bologna","description":"","publisher":{"@id":"https:\/\/www.towerhotelbologna.com\/de\/#organization"},"potentialAction":[{"@type":"SearchAction","target":{"@type":"EntryPoint","urlTemplate":"https:\/\/www.towerhotelbologna.com\/de\/?s={search_term_string}"},"query-input":{"@type":"PropertyValueSpecification","valueRequired":true,"valueName":"search_term_string"}}],"inLanguage":"de"},{"@type":"Organization","@id":"https:\/\/www.towerhotelbologna.com\/de\/#organization","name":"98361 Tower Hotel Bologna","url":"https:\/\/www.towerhotelbologna.com\/de\/","logo":{"@type":"ImageObject","inLanguage":"de","@id":"https:\/\/www.towerhotelbologna.com\/de\/#\/schema\/logo\/image\/","url":"https:\/\/www.towerhotelbologna.com\/wp-content\/uploads\/sites\/107\/2024\/07\/BWPlus.png","contentUrl":"https:\/\/www.towerhotelbologna.com\/wp-content\/uploads\/sites\/107\/2024\/07\/BWPlus.png","width":420,"height":191,"caption":"98361 Tower Hotel Bologna"},"image":{"@id":"https:\/\/www.towerhotelbologna.com\/de\/#\/schema\/logo\/image\/"}}]}},"_links":{"self":[{"href":"https:\/\/www.towerhotelbologna.com\/de\/wp-json\/wp\/v2\/pages\/3376","targetHints":{"allow":["GET"]}}],"collection":[{"href":"https:\/\/www.towerhotelbologna.com\/de\/wp-json\/wp\/v2\/pages"}],"about":[{"href":"https:\/\/www.towerhotelbologna.com\/de\/wp-json\/wp\/v2\/types\/page"}],"author":[{"embeddable":true,"href":"https:\/\/www.towerhotelbologna.com\/de\/wp-json\/wp\/v2\/users\/6"}],"replies":[{"embeddable":true,"href":"https:\/\/www.towerhotelbologna.com\/de\/wp-json\/wp\/v2\/comments?post=3376"}],"version-history":[{"count":3,"href":"https:\/\/www.towerhotelbologna.com\/de\/wp-json\/wp\/v2\/pages\/3376\/revisions"}],"predecessor-version":[{"id":4989,"href":"https:\/\/www.towerhotelbologna.com\/de\/wp-json\/wp\/v2\/pages\/3376\/revisions\/4989"}],"up":[{"embeddable":true,"href":"https:\/\/www.towerhotelbologna.com\/de\/wp-json\/wp\/v2\/pages\/3368"}],"wp:featuredmedia":[{"embeddable":true,"href":"https:\/\/www.towerhotelbologna.com\/de\/wp-json\/wp\/v2\/media\/2906"}],"wp:attachment":[{"href":"https:\/\/www.towerhotelbologna.com\/de\/wp-json\/wp\/v2\/media?parent=3376"}],"curies":[{"name":"wp","href":"https:\/\/api.w.org\/{rel}","templated":true}]}}